{"id":64,"date":"2015-12-11T15:06:26","date_gmt":"2015-12-11T14:06:26","guid":{"rendered":"http:\/\/www.vebowag.dev\/?page_id=64"},"modified":"2025-11-24T09:52:32","modified_gmt":"2025-11-24T08:52:32","slug":"die-vebowag","status":"publish","type":"page","link":"https:\/\/www.vebowag.de\/en\/unternehmen\/die-vebowag\/","title":{"rendered":"The VEBOWAG"},"content":{"rendered":"\n<h1 class=\"wp-block-heading\">We about us<\/h1>\n\n\n\n<p>As a communal real estate company, Vereinigte Bonner Wohnungsbau AG, VEBOWAG for short, has been ensuring since the year one that there is affordable housing space available in Bonn. In the course of the demographic change, the energy-efficient building of barrier-free accessible flats is currently one of our core activities.<\/p>\n\n\n\n<p>At present, we manage around 6,700 of our own apartments, about 2,700 of which are subject to rental and occupancy agreements with the state of North Rhine-Westphalia. As the largest housing company in the Bonn real estate market, we provide modern living space at fair prices.<\/p>\n\n\n\n<p>It is important to us to make a substantial contribution to ensure that our tenants feel comfortable in their environment. Our social commitment is multifaceted; we bring initiatives and events in the neighbourhood into being and support our tenants with a variety of counselling offers.<\/p>\n\n\n\n<h1 class=\"wp-block-heading\">Figures and facts<\/h1>\n\n\n\n<h4 class=\"wp-block-heading\">Key figures of VEBOWAG at a glance<\/h4>\n\n\n\n<figure class=\"wp-block-table table table-hover table-condensed\"><table><thead><tr><td><strong>&nbsp;<\/strong><\/td><th>2024<\/th><th>2023<\/th><th>2022<\/th><th>2021<\/th><th>2020<\/th><\/tr><\/thead><tbody><tr><td>Balance sheet total (in T\u20ac)<\/td><td>441,287<\/td><td>402,314<\/td><td>377,934<\/td><td>360,370<\/td><td>342,592<\/td><\/tr><tr><td>Fixed assets (in T\u20ac)<\/td><td>374,169<\/td><td>355,850<\/td><td>345,345<\/td><td>326,065<\/td><td>313,356<\/td><\/tr><tr><td>Equity (in T\u20ac)<\/td><td>120,383<\/td><td>112,282<\/td><td>105,194<\/td><td>97,719<\/td><td>92,307<\/td><\/tr><tr><td>Equity ratio (in %)<\/td><td>27.3<\/td><td>28.0<\/td><td>27.9<\/td><td>27.2<\/td><td>26.9<\/td><\/tr><tr><td>Sales revenue (in T\u20ac)<\/td><td>56,908<\/td><td>55,622<\/td><td>53,305<\/td><td>50,814<\/td><td>48,227<\/td><\/tr><tr><td>Net income (in T\u20ac)<\/td><td>9,151<\/td><td>8,139<\/td><td>8,526<\/td><td>6,462<\/td><td>5,378<\/td><\/tr><tr><td>Company-owned flats<\/td><td>6,655<\/td><td>6,608<\/td><td>6,608<\/td><td>6,579<\/td><td>6,493<\/td><\/tr><tr><td>Managed owner-occupied flats<\/td><td>94<\/td><td>94<\/td><td>94<\/td><td>94<\/td><td>94<\/td><\/tr><tr><td>Non-residential units<\/td><td>82<\/td><td>82<\/td><td>82<\/td><td>78<\/td><td>78<\/td><\/tr><tr><td>Garages\/car spaces<\/td><td>2,147<\/td><td>2,108<\/td><td>2,051<\/td><td>2,002<\/td><td>1,896<\/td><\/tr><tr><td>Other units<\/td><td>309<\/td><td>309<\/td><td>309<\/td><td>309<\/td><td>309<\/td><\/tr><tr><td>Living and usable space in m\u00b2<\/td><td>475,366<\/td><td>471,986<\/td><td>471,780<\/td><td>465,530<\/td><td>458,848<\/td><\/tr><tr><td>Average cold rent per m\u00b2 in \u20ac<\/td><td>6.68<\/td><td>6.53<\/td><td>6.30<\/td><td>6.14<\/td><td>5.90<\/td><\/tr><\/tbody><\/table><\/figure>\n\n\n\n<h1 class=\"wp-block-heading\">Memberships<\/h1>\n\n\n\n<div class=\"wp-block-columns is-not-stacked-on-mobile logosKlein is-layout-flex wp-container-core-columns-is-layout-1 wp-block-columns-is-layout-flex\">\n<div class=\"wp-block-column is-layout-flow wp-block-column-is-layout-flow\" style=\"flex-basis:20%\"><div class=\"wp-block-image logoKlein\">\n<figure class=\"aligncenter size-large is-resized\"><img loading=\"lazy\" decoding=\"async\" width=\"940\" height=\"1024\" src=\"https:\/\/www.vebowag.de\/wp-content\/uploads\/2025\/04\/02-GdW-Dachverband-logo-vertikal-farbig-sRGB-940x1024.jpg\" alt=\"\" class=\"wp-image-8180\" style=\"width:75px\" srcset=\"https:\/\/www.vebowag.de\/wp-content\/uploads\/2025\/04\/02-GdW-Dachverband-logo-vertikal-farbig-sRGB-940x1024.jpg 940w, https:\/\/www.vebowag.de\/wp-content\/uploads\/2025\/04\/02-GdW-Dachverband-logo-vertikal-farbig-sRGB-275x300.jpg 275w, https:\/\/www.vebowag.de\/wp-content\/uploads\/2025\/04\/02-GdW-Dachverband-logo-vertikal-farbig-sRGB-768x836.jpg 768w, https:\/\/www.vebowag.de\/wp-content\/uploads\/2025\/04\/02-GdW-Dachverband-logo-vertikal-farbig-sRGB.jpg 1123w\" sizes=\"(max-width: 940px) 100vw, 940px\" \/><\/figure><\/div><\/div>\n\n\n\n<div class=\"wp-block-column is-layout-flow wp-block-column-is-layout-flow\" style=\"flex-basis:80%\">\n<p>GdW Bundesverband deutscher Wohnungs- und Immobilienunternehmen e.V.<\/p>\n<\/div>\n<\/div>\n\n\n\n<div class=\"wp-block-columns is-not-stacked-on-mobile logosKlein is-layout-flex wp-container-core-columns-is-layout-2 wp-block-columns-is-layout-flex\">\n<div class=\"wp-block-column is-layout-flow wp-block-column-is-layout-flow\" style=\"flex-basis:20%\"><div class=\"wp-block-image logoKlein\">\n<figure class=\"aligncenter size-large is-resized\"><img loading=\"lazy\" decoding=\"async\" width=\"1024\" height=\"590\" src=\"https:\/\/www.vebowag.de\/wp-content\/uploads\/2025\/04\/01-VdW-Rheinland-Westfalen-logo-horizontal-farbig-sRGB-1-scaled-1-1024x590.jpg\" alt=\"\" class=\"wp-image-8182\" style=\"width:auto;height:75px\" srcset=\"https:\/\/www.vebowag.de\/wp-content\/uploads\/2025\/04\/01-VdW-Rheinland-Westfalen-logo-horizontal-farbig-sRGB-1-scaled-1-1024x590.jpg 1024w, https:\/\/www.vebowag.de\/wp-content\/uploads\/2025\/04\/01-VdW-Rheinland-Westfalen-logo-horizontal-farbig-sRGB-1-scaled-1-300x173.jpg 300w, https:\/\/www.vebowag.de\/wp-content\/uploads\/2025\/04\/01-VdW-Rheinland-Westfalen-logo-horizontal-farbig-sRGB-1-scaled-1-768x442.jpg 768w, https:\/\/www.vebowag.de\/wp-content\/uploads\/2025\/04\/01-VdW-Rheinland-Westfalen-logo-horizontal-farbig-sRGB-1-scaled-1-1536x884.jpg 1536w, https:\/\/www.vebowag.de\/wp-content\/uploads\/2025\/04\/01-VdW-Rheinland-Westfalen-logo-horizontal-farbig-sRGB-1-scaled-1-2048x1179.jpg 2048w\" sizes=\"(max-width: 1024px) 100vw, 1024px\" \/><\/figure><\/div><\/div>\n\n\n\n<div class=\"wp-block-column is-layout-flow wp-block-column-is-layout-flow\" style=\"flex-basis:80%\">\n<p>Verband der Wohnungs- und Immobilienwirtschaft Rheinland Westfalen e.V.<\/p>\n<\/div>\n<\/div>\n\n\n\n<div class=\"wp-block-columns is-not-stacked-on-mobile logosKlein is-layout-flex wp-container-core-columns-is-layout-3 wp-block-columns-is-layout-flex\">\n<div class=\"wp-block-column is-layout-flow wp-block-column-is-layout-flow\" style=\"flex-basis:20%\"><div class=\"wp-block-image logoKlein\">\n<figure class=\"aligncenter is-resized\"><img loading=\"lazy\" decoding=\"async\" width=\"80\" height=\"96\" src=\"https:\/\/www.vebowag.de\/wp-content\/uploads\/2015\/12\/Logo-AdW-e1503993972303.png\" alt=\"Logo AdW\" class=\"wp-image-3589\" style=\"width:auto;height:75px\"\/><\/figure><\/div><\/div>\n\n\n\n<div class=\"wp-block-column is-layout-flow wp-block-column-is-layout-flow\" style=\"flex-basis:80%\">\n<p class=\"wp-container-content-1\">Arbeitsgemeinschaft der Wohnungsunternehmen Bonn\/Rhein-Sieg<\/p>\n<\/div>\n<\/div>\n\n\n\n<div class=\"wp-block-columns is-not-stacked-on-mobile logosKlein is-layout-flex wp-container-core-columns-is-layout-4 wp-block-columns-is-layout-flex\">\n<div class=\"wp-block-column is-layout-flow wp-block-column-is-layout-flow\" style=\"flex-basis:20%\"><div class=\"wp-block-image logoKlein\">\n<figure class=\"aligncenter is-resized\"><img loading=\"lazy\" decoding=\"async\" width=\"243\" height=\"176\" src=\"http:\/\/www.vebowag.de\/wp-content\/uploads\/2015\/12\/AG-K\u00f6ln.jpg\" alt=\"AG K\u00f6ln\" class=\"wp-image-1705\" style=\"width:75px\"\/><\/figure><\/div><\/div>\n\n\n\n<div class=\"wp-block-column is-layout-flow wp-block-column-is-layout-flow\" style=\"flex-basis:80%\">\n<p>Arbeitsgemeinschaft K\u00f6lner Wohnungsunternehmen e.V.<\/p>\n<\/div>\n<\/div>\n\n\n\n<div class=\"wp-block-columns is-not-stacked-on-mobile logosKlein is-layout-flex wp-container-core-columns-is-layout-5 wp-block-columns-is-layout-flex\">\n<div class=\"wp-block-column is-layout-flow wp-block-column-is-layout-flow\" style=\"flex-basis:20%\"><div class=\"wp-block-image logoKlein\">\n<figure class=\"aligncenter is-resized\"><a href=\"http:\/\/www.e-b-z.de\/\" target=\"_blank\" rel=\"noreferrer noopener\"><img loading=\"lazy\" decoding=\"async\" width=\"300\" height=\"231\" src=\"http:\/\/www.vebowag.de\/wp-content\/uploads\/2015\/12\/EBZ-logo-300x231.jpg\" alt=\"EBZ-logo\" class=\"wp-image-1578\" style=\"width:75px\" srcset=\"https:\/\/www.vebowag.de\/wp-content\/uploads\/2015\/12\/EBZ-logo-300x231.jpg 300w, https:\/\/www.vebowag.de\/wp-content\/uploads\/2015\/12\/EBZ-logo.jpg 528w\" sizes=\"(max-width: 300px) 100vw, 300px\" \/><\/a><\/figure><\/div><\/div>\n\n\n\n<div class=\"wp-block-column is-layout-flow wp-block-column-is-layout-flow\" style=\"flex-basis:80%\">\n<p class=\"wp-container-content-2\">F\u00f6rderverein f\u00fcr die Aus- und Fortbildung im Europ\u00e4ischen Bildungszentrum e.V.<\/p>\n<\/div>\n<\/div>\n\n\n\n<div class=\"wp-block-columns is-not-stacked-on-mobile logosKlein is-layout-flex wp-container-core-columns-is-layout-6 wp-block-columns-is-layout-flex\">\n<div class=\"wp-block-column is-layout-flow wp-block-column-is-layout-flow\" style=\"flex-basis:20%\"><div class=\"wp-block-image logoKlein\">\n<figure class=\"aligncenter is-resized\"><a href=\"http:\/\/www.deswos.de\" target=\"_blank\" rel=\"noreferrer noopener\"><img loading=\"lazy\" decoding=\"async\" width=\"300\" height=\"287\" src=\"http:\/\/www.vebowag.de\/wp-content\/uploads\/2016\/02\/DESWOS-Logo-4c-300x287.jpg\" alt=\"DESWOS Logo 4c NEU\" class=\"wp-image-1587\" style=\"width:75px\" srcset=\"https:\/\/www.vebowag.de\/wp-content\/uploads\/2016\/02\/DESWOS-Logo-4c-300x287.jpg 300w, https:\/\/www.vebowag.de\/wp-content\/uploads\/2016\/02\/DESWOS-Logo-4c.jpg 670w\" sizes=\"(max-width: 300px) 100vw, 300px\" \/><\/a><\/figure><\/div><\/div>\n\n\n\n<div class=\"wp-block-column is-layout-flow wp-block-column-is-layout-flow\" style=\"flex-basis:80%\">\n<p class=\"wp-container-content-3\">Deutsche Entwicklungshilfe f\u00fcr soziales Wohnungs- und Siedlungswesen e.V.<\/p>\n<\/div>\n<\/div>\n\n\n\n<h1 class=\"wp-block-heading\">History<\/h1>\n\n\n\n<p>VEBOWAG owes its formation to the high politics. On May 10, 1949, the Parliamentary Council chose Bonn as federal capital. As such, Bonn had to meet completely new demands \u2013 and all that against the background of the devastating repercussions of World War II: everywhere in the still young Federal Republic of Germany there was housing shortage.<\/p>\n\n\n\n<p>In the building sector, particularly in residential construction, the city had to face a big challenge \u2013 this is what made the foundation of a municipal housing association obvious.<\/p>\n\n\n\n<p>It was Bonn craftsmen who wanted to participate in the building boom for ministries and embassies after Bonn had been chosen federal capital.. Consequently they founded the \u201eGemeinn\u00fctzige Bonner Wohnungsaktiengesellschaft, GEBOWAG for short, on April 18, 1950. At that time, the city of Bonn took a 55 per cent share in the new association that was intended to provide mainly low-income population groups with high-quality yet affordable living space. For more than two decades, GEBOWAG has been standing the test as an instrument of municipal residential construction.<\/p>\n\n\n\n<p>With the administrative district reforms, Beuel and Bad Godesberg were suburbanised to the city of Bonn and their housing companies were merged into Vereinigte Bonner Wohnungsbau Aktiengesellschaft, VEBOWAG for short, in 1970.<\/p>\n\n\n\n<p>To this day, VEBOWAG has been continuously expanding its housing stock \u2013 especially through building publicly funded flats. At present, the city of Bonn is the main shareholder of the company with a share of 93 per cent.<\/p>\n","protected":false},"excerpt":{"rendered":"<p>We about us As a communal real estate company, Vereinigte Bonner Wohnungsbau AG, VEBOWAG for short, has been ensuring since the year one that there is affordable housing space available in Bonn. In the course of the demographic change, the energy-efficient building of barrier-free accessible flats is currently one of &#8230; <a class=\"read-more\" href=\"https:\/\/www.vebowag.de\/en\/unternehmen\/die-vebowag\/\">Weiterlesen&nbsp;&raquo;<\/a><\/p>\n","protected":false},"author":1,"featured_media":0,"parent":62,"menu_order":1,"comment_status":"closed","ping_status":"closed","template":"","meta":{"_uag_custom_page_level_css":"","footnotes":""},"class_list":["post-64","page","type-page","status-publish","hentry"],"translation":{"provider":"WPGlobus","version":"3.0.0","language":"en","enabled_languages":["de","en"],"languages":{"de":{"title":true,"content":true,"excerpt":false},"en":{"title":true,"content":true,"excerpt":false}}},"yoast_head":"<!-- This site is optimized with the Yoast SEO plugin v23.8 - https:\/\/yoast.com\/wordpress\/plugins\/seo\/ -->\n<title>The VEBOWAG - VEBOWAG<\/title>\n<meta name=\"robots\" content=\"index, follow, max-snippet:-1, max-image-preview:large, max-video-preview:-1\" \/>\n<link rel=\"canonical\" href=\"https:\/\/www.vebowag.de\/unternehmen\/die-vebowag\/\" \/>\n<meta property=\"og:locale\" content=\"en_US\" \/>\n<meta property=\"og:type\" content=\"article\" \/>\n<meta property=\"og:title\" content=\"The VEBOWAG - VEBOWAG\" \/>\n<meta property=\"og:url\" content=\"https:\/\/www.vebowag.de\/unternehmen\/die-vebowag\/\" \/>\n<meta property=\"og:site_name\" content=\"VEBOWAG\" \/>\n<meta property=\"article:publisher\" content=\"https:\/\/www.facebook.com\/vebowag\/\" \/>\n<meta property=\"article:modified_time\" content=\"2025-11-24T08:52:32+00:00\" \/>\n<meta property=\"og:image\" content=\"https:\/\/www.vebowag.de\/wp-content\/uploads\/2025\/04\/02-GdW-Dachverband-logo-vertikal-farbig-sRGB.jpg\" \/>\n\t<meta property=\"og:image:width\" content=\"1123\" \/>\n\t<meta property=\"og:image:height\" content=\"1223\" \/>\n\t<meta property=\"og:image:type\" content=\"image\/jpeg\" \/>\n<meta name=\"twitter:card\" content=\"summary_large_image\" \/>\n<meta name=\"twitter:site\" content=\"@vebowag\" \/>\n<meta name=\"twitter:label1\" content=\"Est. reading time\" \/>\n\t<meta name=\"twitter:data1\" content=\"6 minutes\" \/>\n<script type=\"application\/ld+json\" class=\"yoast-schema-graph\">{\"@context\":\"https:\/\/schema.org\",\"@graph\":[{\"@type\":\"WebPage\",\"@id\":\"https:\/\/www.vebowag.de\/unternehmen\/die-vebowag\/\",\"url\":\"https:\/\/www.vebowag.de\/unternehmen\/die-vebowag\/\",\"name\":\"The VEBOWAG - VEBOWAG\",\"isPartOf\":{\"@id\":\"https:\/\/www.vebowag.de\/#website\"},\"primaryImageOfPage\":{\"@id\":\"https:\/\/www.vebowag.de\/unternehmen\/die-vebowag\/#primaryimage\"},\"image\":{\"@id\":\"https:\/\/www.vebowag.de\/unternehmen\/die-vebowag\/#primaryimage\"},\"thumbnailUrl\":\"https:\/\/www.vebowag.de\/wp-content\/uploads\/2025\/04\/02-GdW-Dachverband-logo-vertikal-farbig-sRGB-940x1024.jpg\",\"datePublished\":\"2015-12-11T14:06:26+00:00\",\"dateModified\":\"2025-11-24T08:52:32+00:00\",\"breadcrumb\":{\"@id\":\"https:\/\/www.vebowag.de\/unternehmen\/die-vebowag\/#breadcrumb\"},\"inLanguage\":\"en-EN\",\"potentialAction\":[{\"@type\":\"ReadAction\",\"target\":[\"https:\/\/www.vebowag.de\/unternehmen\/die-vebowag\/\"]}]},{\"@type\":\"ImageObject\",\"inLanguage\":\"en-EN\",\"@id\":\"https:\/\/www.vebowag.de\/unternehmen\/die-vebowag\/#primaryimage\",\"url\":\"https:\/\/www.vebowag.de\/wp-content\/uploads\/2025\/04\/02-GdW-Dachverband-logo-vertikal-farbig-sRGB-940x1024.jpg\",\"contentUrl\":\"https:\/\/www.vebowag.de\/wp-content\/uploads\/2025\/04\/02-GdW-Dachverband-logo-vertikal-farbig-sRGB-940x1024.jpg\"},{\"@type\":\"BreadcrumbList\",\"@id\":\"https:\/\/www.vebowag.de\/unternehmen\/die-vebowag\/#breadcrumb\",\"itemListElement\":[{\"@type\":\"ListItem\",\"position\":1,\"name\":\"Home\",\"item\":\"https:\/\/www.vebowag.de\/\"},{\"@type\":\"ListItem\",\"position\":2,\"name\":\"Unternehmen\",\"item\":\"https:\/\/www.vebowag.de\/unternehmen\/\"},{\"@type\":\"ListItem\",\"position\":3,\"name\":\"Die VEBOWAG\"}]},{\"@type\":\"WebSite\",\"@id\":\"https:\/\/www.vebowag.de\/#website\",\"url\":\"https:\/\/www.vebowag.de\/\",\"name\":\"VEBOWAG\",\"description\":\"Mein Zuhause in Bonn\",\"potentialAction\":[{\"@type\":\"SearchAction\",\"target\":{\"@type\":\"EntryPoint\",\"urlTemplate\":\"https:\/\/www.vebowag.de\/?s={search_term_string}\"},\"query-input\":{\"@type\":\"PropertyValueSpecification\",\"valueRequired\":true,\"valueName\":\"search_term_string\"}}],\"inLanguage\":\"en-EN\"}]}<\/script>\n<!-- \/ Yoast SEO plugin. -->","yoast_head_json":{"title":"The VEBOWAG - VEBOWAG","robots":{"index":"index","follow":"follow","max-snippet":"max-snippet:-1","max-image-preview":"max-image-preview:large","max-video-preview":"max-video-preview:-1"},"canonical":"https:\/\/www.vebowag.de\/unternehmen\/die-vebowag\/","og_locale":"en_US","og_type":"article","og_title":"The VEBOWAG - VEBOWAG","og_url":"https:\/\/www.vebowag.de\/unternehmen\/die-vebowag\/","og_site_name":"VEBOWAG","article_publisher":"https:\/\/www.facebook.com\/vebowag\/","article_modified_time":"2025-11-24T08:52:32+00:00","og_image":[{"width":1123,"height":1223,"url":"https:\/\/www.vebowag.de\/wp-content\/uploads\/2025\/04\/02-GdW-Dachverband-logo-vertikal-farbig-sRGB.jpg","type":"image\/jpeg"}],"twitter_card":"summary_large_image","twitter_site":"@vebowag","twitter_misc":{"Est. reading time":"6 minutes"},"schema":{"@context":"https:\/\/schema.org","@graph":[{"@type":"WebPage","@id":"https:\/\/www.vebowag.de\/unternehmen\/die-vebowag\/","url":"https:\/\/www.vebowag.de\/unternehmen\/die-vebowag\/","name":"The VEBOWAG - VEBOWAG","isPartOf":{"@id":"https:\/\/www.vebowag.de\/#website"},"primaryImageOfPage":{"@id":"https:\/\/www.vebowag.de\/unternehmen\/die-vebowag\/#primaryimage"},"image":{"@id":"https:\/\/www.vebowag.de\/unternehmen\/die-vebowag\/#primaryimage"},"thumbnailUrl":"https:\/\/www.vebowag.de\/wp-content\/uploads\/2025\/04\/02-GdW-Dachverband-logo-vertikal-farbig-sRGB-940x1024.jpg","datePublished":"2015-12-11T14:06:26+00:00","dateModified":"2025-11-24T08:52:32+00:00","breadcrumb":{"@id":"https:\/\/www.vebowag.de\/unternehmen\/die-vebowag\/#breadcrumb"},"inLanguage":"en-EN","potentialAction":[{"@type":"ReadAction","target":["https:\/\/www.vebowag.de\/unternehmen\/die-vebowag\/"]}]},{"@type":"ImageObject","inLanguage":"en-EN","@id":"https:\/\/www.vebowag.de\/unternehmen\/die-vebowag\/#primaryimage","url":"https:\/\/www.vebowag.de\/wp-content\/uploads\/2025\/04\/02-GdW-Dachverband-logo-vertikal-farbig-sRGB-940x1024.jpg","contentUrl":"https:\/\/www.vebowag.de\/wp-content\/uploads\/2025\/04\/02-GdW-Dachverband-logo-vertikal-farbig-sRGB-940x1024.jpg"},{"@type":"BreadcrumbList","@id":"https:\/\/www.vebowag.de\/unternehmen\/die-vebowag\/#breadcrumb","itemListElement":[{"@type":"ListItem","position":1,"name":"Home","item":"https:\/\/www.vebowag.de\/"},{"@type":"ListItem","position":2,"name":"Unternehmen","item":"https:\/\/www.vebowag.de\/unternehmen\/"},{"@type":"ListItem","position":3,"name":"Die VEBOWAG"}]},{"@type":"WebSite","@id":"https:\/\/www.vebowag.de\/#website","url":"https:\/\/www.vebowag.de\/","name":"VEBOWAG","description":"Mein Zuhause in Bonn","potentialAction":[{"@type":"SearchAction","target":{"@type":"EntryPoint","urlTemplate":"https:\/\/www.vebowag.de\/?s={search_term_string}"},"query-input":{"@type":"PropertyValueSpecification","valueRequired":true,"valueName":"search_term_string"}}],"inLanguage":"en-EN"}]}},"uagb_featured_image_src":{"full":false,"thumbnail":false,"medium":false,"medium_large":false,"large":false,"1536x1536":false,"2048x2048":false,"home":false,"list":false},"uagb_author_info":{"display_name":"danyel","author_link":"https:\/\/www.vebowag.de\/en\/author\/danyel\/"},"uagb_comment_info":0,"uagb_excerpt":"We about us As a communal real estate company, Vereinigte Bonner Wohnungsbau AG, VEBOWAG for short, has been ensuring since the year one that there is affordable housing space available in Bonn. In the course of the demographic change, the energy-efficient building of barrier-free accessible flats is currently one of ... Weiterlesen&nbsp;&raquo;","_links":{"self":[{"href":"https:\/\/www.vebowag.de\/en\/wp-json\/wp\/v2\/pages\/64"}],"collection":[{"href":"https:\/\/www.vebowag.de\/en\/wp-json\/wp\/v2\/pages"}],"about":[{"href":"https:\/\/www.vebowag.de\/en\/wp-json\/wp\/v2\/types\/page"}],"author":[{"embeddable":true,"href":"https:\/\/www.vebowag.de\/en\/wp-json\/wp\/v2\/users\/1"}],"replies":[{"embeddable":true,"href":"https:\/\/www.vebowag.de\/en\/wp-json\/wp\/v2\/comments?post=64"}],"version-history":[{"count":226,"href":"https:\/\/www.vebowag.de\/en\/wp-json\/wp\/v2\/pages\/64\/revisions"}],"predecessor-version":[{"id":8673,"href":"https:\/\/www.vebowag.de\/en\/wp-json\/wp\/v2\/pages\/64\/revisions\/8673"}],"up":[{"embeddable":true,"href":"https:\/\/www.vebowag.de\/en\/wp-json\/wp\/v2\/pages\/62"}],"wp:attachment":[{"href":"https:\/\/www.vebowag.de\/en\/wp-json\/wp\/v2\/media?parent=64"}],"curies":[{"name":"wp","href":"https:\/\/api.w.org\/{rel}","templated":true}]}}